{"id":9671,"date":"2025-10-23T11:52:11","date_gmt":"2025-10-23T11:52:11","guid":{"rendered":"https:\/\/japamalaandfriends.com\/?post_type=product&#038;p=9671"},"modified":"2026-02-28T10:39:46","modified_gmt":"2026-02-28T10:39:46","slug":"falda-lana-estampada-2","status":"publish","type":"product","link":"https:\/\/japamalaandfriends.com\/ca\/product\/falda-lana-estampada-2","title":{"rendered":"Falda Lana estampada"},"content":{"rendered":"<h3 data-start=\"117\" data-end=\"181\">Falda de Lana Estampada \u2013 Midi<\/h3>\n<p data-start=\"183\" data-end=\"446\">Descubre nuestra <strong data-start=\"200\" data-end=\"232\">falda midi de lana estampada<\/strong>, una prenda vers\u00e1til, c\u00f3moda y con estilo, perfecta para cualquier ocasi\u00f3n. Dise\u00f1ada y confeccionada en Barcelona, esta falda combina <strong data-start=\"367\" data-end=\"383\">dise\u00f1o local<\/strong> con materiales de alta calidad para ofrecerte una pieza \u00fanica en dos estampados.<\/p>\n<p data-start=\"448\" data-end=\"711\">Con un ajuste entallado en la cintura y corte suelto en la parte inferior, ofrece una silueta favorecedora y libertad de movimiento. La goma en la cintura permite que la falda se adapte a diferentes cuerpos y siluetas, garantizando comodidad y un ajuste perfecto.<\/p>\n<p data-start=\"713\" data-end=\"881\">Su tejido suave y c\u00e1lido, resultado de una cuidada mezcla de <strong data-start=\"774\" data-end=\"807\">viscosa, poli\u00e9ster y elastano<\/strong>, la hace ideal para el d\u00eda a d\u00eda, especialmente en los meses m\u00e1s frescos.<\/p>\n<h3 data-start=\"883\" data-end=\"915\">Caracter\u00edsticas principales:<\/h3>\n<ul data-start=\"916\" data-end=\"1163\">\n<li data-start=\"962\" data-end=\"978\">\n<p data-start=\"964\" data-end=\"978\">Precio: 65 \u20ac<\/p>\n<\/li>\n<li data-start=\"979\" data-end=\"1019\">\n<p data-start=\"981\" data-end=\"1019\">Estilo: vers\u00e1til, d\u00eda a d\u00eda, oficina o para salir<\/p>\n<\/li>\n<li data-start=\"1020\" data-end=\"1074\">\n<p data-start=\"1022\" data-end=\"1074\">Dise\u00f1o: falda midi, ajustada arriba y suelta abajo<\/p>\n<\/li>\n<li data-start=\"1075\" data-end=\"1132\">\n<p data-start=\"1077\" data-end=\"1132\">Tejido: mezcla suave de viscosa, poli\u00e9ster y elastano<\/p>\n<\/li>\n<li data-start=\"1133\" data-end=\"1163\">\n<p data-start=\"1135\" data-end=\"1163\">Origen: hecha en Barcelona<\/p>\n<\/li>\n<\/ul>\n<h3 data-start=\"1110\" data-end=\"1129\">Gu\u00eda de tallas:<\/h3>\n<ul data-start=\"1130\" data-end=\"1261\">\n<li data-start=\"1130\" data-end=\"1173\">\n<p data-start=\"1132\" data-end=\"1173\"><strong data-start=\"1132\" data-end=\"1140\">S\/M:<\/strong> cintura 35\u201346 cm | largo 81 cm<\/p>\n<\/li>\n<li data-start=\"1174\" data-end=\"1217\">\n<p data-start=\"1176\" data-end=\"1217\"><strong data-start=\"1176\" data-end=\"1184\">M\/L:<\/strong> cintura 41\u201356 cm | largo 81 cm<\/p>\n<\/li>\n<\/ul>\n<p data-start=\"1165\" data-end=\"1355\">Esta falda c\u00f3moda y elegante es perfecta para combinar con botines, zapatillas o zapatos de tac\u00f3n. Incorp\u00f3rala a tu armario y disfruta de su estilo \u00fanico y funcionalidad durante el invierno.<\/p>\n<p data-start=\"1357\" data-end=\"1456\">\ud83d\udc49 \u00bfQuieres ver m\u00e1s estampados disponibles? \u00a1M\u00e1ndanos un WhatsApp y te mostramos nuestra colecci\u00f3n!<\/p>\n","protected":false},"excerpt":{"rendered":"<p>Falda de Lana Estampada \u2013 Midi Descubre nuestra falda midi de lana estampada, una prenda vers\u00e1til, c\u00f3moda y con estilo, perfecta para cualquier ocasi\u00f3n. Dise\u00f1ada y confeccionada en Barcelona, esta falda combina dise\u00f1o local con materiales de alta calidad para ofrecerte una pieza \u00fanica en dos estampados. Con un ajuste entallado en la cintura y [&hellip;]<\/p>\n","protected":false},"featured_media":9703,"template":"","meta":{"_et_pb_use_builder":"","_et_pb_old_content":"","_et_gb_content_width":""},"product_brand":[],"product_cat":[54,15,55],"product_tag":[144,672,673,189,671,675,674,355],"class_list":{"0":"post-9671","1":"product","2":"type-product","3":"status-publish","4":"has-post-thumbnail","6":"product_cat-skirts","7":"product_cat-general","8":"product_cat-vestidos-y-faldas","9":"product_tag-falda-comoda","10":"product_tag-falda-de-lana","11":"product_tag-falda-estampada","12":"product_tag-falda-midi","13":"product_tag-falda-mujer","14":"product_tag-falda-suave","15":"product_tag-prenda-unica","16":"product_tag-prenda-versatil","17":"pa_color-estampado-azul","18":"pa_color-estampado-verde","19":"pa_talla-size-m-l","20":"pa_talla-size-s-m","22":"first","23":"instock","24":"shipping-taxable","25":"purchasable","26":"product-type-variable"},"yoast_head":"<!-- This site is optimized with the Yoast SEO plugin v26.2 - https:\/\/yoast.com\/wordpress\/plugins\/seo\/ -->\n<title>Falda Lana estampada - japamala and friends<\/title>\n<meta name=\"description\" content=\"Falda midi de lana estampada hecha en Barcelona. C\u00f3moda, vers\u00e1til y elegante, con ajuste en cintura y corte suelto. Perfecta para invierno y cualquier ocasi\u00f3n.\" \/>\n<meta name=\"robots\" content=\"index, follow, max-snippet:-1, max-image-preview:large, max-video-preview:-1\" \/>\n<link rel=\"canonical\" href=\"https:\/\/japamalaandfriends.com\/ca\/product\/falda-lana-estampada-2\" \/>\n<meta property=\"og:locale\" content=\"ca_ES\" \/>\n<meta property=\"og:type\" content=\"article\" \/>\n<meta property=\"og:title\" content=\"Falda Lana estampada - japamala and friends\" \/>\n<meta property=\"og:description\" content=\"Falda midi de lana estampada hecha en Barcelona. C\u00f3moda, vers\u00e1til y elegante, con ajuste en cintura y corte suelto. Perfecta para invierno y cualquier ocasi\u00f3n.\" \/>\n<meta property=\"og:url\" content=\"https:\/\/japamalaandfriends.com\/ca\/product\/falda-lana-estampada-2\" \/>\n<meta property=\"og:site_name\" content=\"japamala and friends\" \/>\n<meta property=\"article:publisher\" content=\"https:\/\/www.facebook.com\/Japamalaandfriends\" \/>\n<meta property=\"article:modified_time\" content=\"2026-02-28T10:39:46+00:00\" \/>\n<meta property=\"og:image\" content=\"https:\/\/japamalaandfriends.com\/wp-content\/uploads\/2025\/10\/japamala-1387.jpg\" \/>\n\t<meta property=\"og:image:width\" content=\"1280\" \/>\n\t<meta property=\"og:image:height\" content=\"1920\" \/>\n\t<meta property=\"og:image:type\" content=\"image\/jpeg\" \/>\n<meta name=\"twitter:card\" content=\"summary_large_image\" \/>\n<meta name=\"twitter:label1\" content=\"Temps estimat de lectura\" \/>\n\t<meta name=\"twitter:data1\" content=\"2 minuts\" \/>\n<script type=\"application\/ld+json\" class=\"yoast-schema-graph\">{\"@context\":\"https:\/\/schema.org\",\"@graph\":[{\"@type\":\"WebPage\",\"@id\":\"https:\/\/japamalaandfriends.com\/ca\/product\/falda-lana-estampada-2\",\"url\":\"https:\/\/japamalaandfriends.com\/ca\/product\/falda-lana-estampada-2\",\"name\":\"Falda Lana estampada - japamala and friends\",\"isPartOf\":{\"@id\":\"https:\/\/japamalaandfriends.com\/ca#website\"},\"primaryImageOfPage\":{\"@id\":\"https:\/\/japamalaandfriends.com\/ca\/product\/falda-lana-estampada-2#primaryimage\"},\"image\":{\"@id\":\"https:\/\/japamalaandfriends.com\/ca\/product\/falda-lana-estampada-2#primaryimage\"},\"thumbnailUrl\":\"https:\/\/japamalaandfriends.com\/wp-content\/uploads\/2025\/10\/japamala-1387.jpg\",\"datePublished\":\"2025-10-23T11:52:11+00:00\",\"dateModified\":\"2026-02-28T10:39:46+00:00\",\"description\":\"Falda midi de lana estampada hecha en Barcelona. C\u00f3moda, vers\u00e1til y elegante, con ajuste en cintura y corte suelto. Perfecta para invierno y cualquier ocasi\u00f3n.\",\"breadcrumb\":{\"@id\":\"https:\/\/japamalaandfriends.com\/ca\/product\/falda-lana-estampada-2#breadcrumb\"},\"inLanguage\":\"ca\",\"potentialAction\":[{\"@type\":\"ReadAction\",\"target\":[\"https:\/\/japamalaandfriends.com\/ca\/product\/falda-lana-estampada-2\"]}]},{\"@type\":\"ImageObject\",\"inLanguage\":\"ca\",\"@id\":\"https:\/\/japamalaandfriends.com\/ca\/product\/falda-lana-estampada-2#primaryimage\",\"url\":\"https:\/\/japamalaandfriends.com\/wp-content\/uploads\/2025\/10\/japamala-1387.jpg\",\"contentUrl\":\"https:\/\/japamalaandfriends.com\/wp-content\/uploads\/2025\/10\/japamala-1387.jpg\",\"width\":1280,\"height\":1920,\"caption\":\"Mujer sonriendo en frente de una pared rojiza. Vestida en un top negro, una falda midi estampada, un cinturon amarillo y un par de botines negros.\"},{\"@type\":\"BreadcrumbList\",\"@id\":\"https:\/\/japamalaandfriends.com\/ca\/product\/falda-lana-estampada-2#breadcrumb\",\"itemListElement\":[{\"@type\":\"ListItem\",\"position\":1,\"name\":\"Inicio\",\"item\":\"https:\/\/japamalaandfriends.com\/ca\/welcome\"},{\"@type\":\"ListItem\",\"position\":2,\"name\":\"Compra en l\u00ednea\",\"item\":\"https:\/\/japamalaandfriends.com\/ca\/botiga\"},{\"@type\":\"ListItem\",\"position\":3,\"name\":\"Falda Lana estampada\"}]},{\"@type\":\"WebSite\",\"@id\":\"https:\/\/japamalaandfriends.com\/ca#website\",\"url\":\"https:\/\/japamalaandfriends.com\/ca\",\"name\":\"japamala and friends\",\"description\":\"Aqu\u00ed subimos tu autoestima con ropa que te hace sentir bien. Descubre kimonos, vestidos, tallas reales y moda en nuestra tienda en Barcelona y online.\",\"publisher\":{\"@id\":\"https:\/\/japamalaandfriends.com\/ca#organization\"},\"potentialAction\":[{\"@type\":\"SearchAction\",\"target\":{\"@type\":\"EntryPoint\",\"urlTemplate\":\"https:\/\/japamalaandfriends.com\/ca?s={search_term_string}\"},\"query-input\":{\"@type\":\"PropertyValueSpecification\",\"valueRequired\":true,\"valueName\":\"search_term_string\"}}],\"inLanguage\":\"ca\"},{\"@type\":\"Organization\",\"@id\":\"https:\/\/japamalaandfriends.com\/ca#organization\",\"name\":\"japamala and friends barcelona\",\"url\":\"https:\/\/japamalaandfriends.com\/ca\",\"logo\":{\"@type\":\"ImageObject\",\"inLanguage\":\"ca\",\"@id\":\"https:\/\/japamalaandfriends.com\/ca#\/schema\/logo\/image\/\",\"url\":\"https:\/\/i0.wp.com\/japamalaandfriends.com\/wp-content\/uploads\/2025\/05\/cropped-Japamala-2023-logo-black.jpg?fit=512%2C512&ssl=1\",\"contentUrl\":\"https:\/\/i0.wp.com\/japamalaandfriends.com\/wp-content\/uploads\/2025\/05\/cropped-Japamala-2023-logo-black.jpg?fit=512%2C512&ssl=1\",\"width\":512,\"height\":512,\"caption\":\"japamala and friends barcelona\"},\"image\":{\"@id\":\"https:\/\/japamalaandfriends.com\/ca#\/schema\/logo\/image\/\"},\"sameAs\":[\"https:\/\/www.facebook.com\/Japamalaandfriends\",\"https:\/\/www.instagram.com\/japamala.and.friends\"]}]}<\/script>\n<!-- \/ Yoast SEO plugin. -->","yoast_head_json":{"title":"Falda Lana estampada - japamala and friends","description":"Falda midi de lana estampada hecha en Barcelona. C\u00f3moda, vers\u00e1til y elegante, con ajuste en cintura y corte suelto. Perfecta para invierno y cualquier ocasi\u00f3n.","robots":{"index":"index","follow":"follow","max-snippet":"max-snippet:-1","max-image-preview":"max-image-preview:large","max-video-preview":"max-video-preview:-1"},"canonical":"https:\/\/japamalaandfriends.com\/ca\/product\/falda-lana-estampada-2","og_locale":"ca_ES","og_type":"article","og_title":"Falda Lana estampada - japamala and friends","og_description":"Falda midi de lana estampada hecha en Barcelona. C\u00f3moda, vers\u00e1til y elegante, con ajuste en cintura y corte suelto. Perfecta para invierno y cualquier ocasi\u00f3n.","og_url":"https:\/\/japamalaandfriends.com\/ca\/product\/falda-lana-estampada-2","og_site_name":"japamala and friends","article_publisher":"https:\/\/www.facebook.com\/Japamalaandfriends","article_modified_time":"2026-02-28T10:39:46+00:00","og_image":[{"width":1280,"height":1920,"url":"https:\/\/japamalaandfriends.com\/wp-content\/uploads\/2025\/10\/japamala-1387.jpg","type":"image\/jpeg"}],"twitter_card":"summary_large_image","twitter_misc":{"Temps estimat de lectura":"2 minuts"},"schema":{"@context":"https:\/\/schema.org","@graph":[{"@type":"WebPage","@id":"https:\/\/japamalaandfriends.com\/ca\/product\/falda-lana-estampada-2","url":"https:\/\/japamalaandfriends.com\/ca\/product\/falda-lana-estampada-2","name":"Falda Lana estampada - japamala and friends","isPartOf":{"@id":"https:\/\/japamalaandfriends.com\/ca#website"},"primaryImageOfPage":{"@id":"https:\/\/japamalaandfriends.com\/ca\/product\/falda-lana-estampada-2#primaryimage"},"image":{"@id":"https:\/\/japamalaandfriends.com\/ca\/product\/falda-lana-estampada-2#primaryimage"},"thumbnailUrl":"https:\/\/japamalaandfriends.com\/wp-content\/uploads\/2025\/10\/japamala-1387.jpg","datePublished":"2025-10-23T11:52:11+00:00","dateModified":"2026-02-28T10:39:46+00:00","description":"Falda midi de lana estampada hecha en Barcelona. C\u00f3moda, vers\u00e1til y elegante, con ajuste en cintura y corte suelto. Perfecta para invierno y cualquier ocasi\u00f3n.","breadcrumb":{"@id":"https:\/\/japamalaandfriends.com\/ca\/product\/falda-lana-estampada-2#breadcrumb"},"inLanguage":"ca","potentialAction":[{"@type":"ReadAction","target":["https:\/\/japamalaandfriends.com\/ca\/product\/falda-lana-estampada-2"]}]},{"@type":"ImageObject","inLanguage":"ca","@id":"https:\/\/japamalaandfriends.com\/ca\/product\/falda-lana-estampada-2#primaryimage","url":"https:\/\/japamalaandfriends.com\/wp-content\/uploads\/2025\/10\/japamala-1387.jpg","contentUrl":"https:\/\/japamalaandfriends.com\/wp-content\/uploads\/2025\/10\/japamala-1387.jpg","width":1280,"height":1920,"caption":"Mujer sonriendo en frente de una pared rojiza. Vestida en un top negro, una falda midi estampada, un cinturon amarillo y un par de botines negros."},{"@type":"BreadcrumbList","@id":"https:\/\/japamalaandfriends.com\/ca\/product\/falda-lana-estampada-2#breadcrumb","itemListElement":[{"@type":"ListItem","position":1,"name":"Inicio","item":"https:\/\/japamalaandfriends.com\/ca\/welcome"},{"@type":"ListItem","position":2,"name":"Compra en l\u00ednea","item":"https:\/\/japamalaandfriends.com\/ca\/botiga"},{"@type":"ListItem","position":3,"name":"Falda Lana estampada"}]},{"@type":"WebSite","@id":"https:\/\/japamalaandfriends.com\/ca#website","url":"https:\/\/japamalaandfriends.com\/ca","name":"japamala and friends","description":"Aqu\u00ed subimos tu autoestima con ropa que te hace sentir bien. Descubre kimonos, vestidos, tallas reales y moda en nuestra tienda en Barcelona y online.","publisher":{"@id":"https:\/\/japamalaandfriends.com\/ca#organization"},"potentialAction":[{"@type":"SearchAction","target":{"@type":"EntryPoint","urlTemplate":"https:\/\/japamalaandfriends.com\/ca?s={search_term_string}"},"query-input":{"@type":"PropertyValueSpecification","valueRequired":true,"valueName":"search_term_string"}}],"inLanguage":"ca"},{"@type":"Organization","@id":"https:\/\/japamalaandfriends.com\/ca#organization","name":"japamala and friends barcelona","url":"https:\/\/japamalaandfriends.com\/ca","logo":{"@type":"ImageObject","inLanguage":"ca","@id":"https:\/\/japamalaandfriends.com\/ca#\/schema\/logo\/image\/","url":"https:\/\/i0.wp.com\/japamalaandfriends.com\/wp-content\/uploads\/2025\/05\/cropped-Japamala-2023-logo-black.jpg?fit=512%2C512&ssl=1","contentUrl":"https:\/\/i0.wp.com\/japamalaandfriends.com\/wp-content\/uploads\/2025\/05\/cropped-Japamala-2023-logo-black.jpg?fit=512%2C512&ssl=1","width":512,"height":512,"caption":"japamala and friends barcelona"},"image":{"@id":"https:\/\/japamalaandfriends.com\/ca#\/schema\/logo\/image\/"},"sameAs":["https:\/\/www.facebook.com\/Japamalaandfriends","https:\/\/www.instagram.com\/japamala.and.friends"]}]}},"jetpack-related-posts":[{"id":9859,"url":"https:\/\/japamalaandfriends.com\/ca\/product\/falda-tubo-midi","url_meta":{"origin":9671,"position":0},"title":"Falda Tubo Midi","author":"SandroK","date":"10 de novembre de 2025","format":false,"excerpt":"\u00a0Falda Tubo Midi \u2013 Elegancia y Comodidad | Hecho en Barcelona Eleva tu estilo con la Falda Tubo Midi en Punto Roma, una prenda vers\u00e1til y sofisticada pensada para mujeres que buscan elegancia sin renunciar a la comodidad. Ideal para la oficina, eventos o cualquier ocasi\u00f3n especial, su dise\u00f1o entallado\u2026","rel":"","context":"Entrada similar","block_context":{"text":"Entrada similar","link":""},"img":{"alt_text":"","src":"https:\/\/i0.wp.com\/japamalaandfriends.com\/wp-content\/uploads\/2025\/11\/img_9514-scaled.jpeg?resize=350%2C200&ssl=1","width":350,"height":200,"srcset":"https:\/\/i0.wp.com\/japamalaandfriends.com\/wp-content\/uploads\/2025\/11\/img_9514-scaled.jpeg?resize=350%2C200&ssl=1 1x, https:\/\/i0.wp.com\/japamalaandfriends.com\/wp-content\/uploads\/2025\/11\/img_9514-scaled.jpeg?resize=525%2C300&ssl=1 1.5x, https:\/\/i0.wp.com\/japamalaandfriends.com\/wp-content\/uploads\/2025\/11\/img_9514-scaled.jpeg?resize=700%2C400&ssl=1 2x, https:\/\/i0.wp.com\/japamalaandfriends.com\/wp-content\/uploads\/2025\/11\/img_9514-scaled.jpeg?resize=1050%2C600&ssl=1 3x, https:\/\/i0.wp.com\/japamalaandfriends.com\/wp-content\/uploads\/2025\/11\/img_9514-scaled.jpeg?resize=1400%2C800&ssl=1 4x"},"classes":[]},{"id":9651,"url":"https:\/\/japamalaandfriends.com\/ca\/product\/falda-city-denim","url_meta":{"origin":9671,"position":1},"title":"Falda City denim","author":"SandroK","date":"23 d'octubre de 2025","format":false,"excerpt":"Falda City Denim \u2013 Estilo urbano con comodidad y funcionalidad La Falda City Denim es la prenda perfecta para mujeres que buscan combinar comodidad, estilo y versatilidad en su d\u00eda a d\u00eda. Confeccionada en una suave mezcla de algod\u00f3n, poli\u00e9ster y elastano, esta falda ofrece la textura y look cl\u00e1sico\u2026","rel":"","context":"Entrada similar","block_context":{"text":"Entrada similar","link":""},"img":{"alt_text":"","src":"https:\/\/i0.wp.com\/japamalaandfriends.com\/wp-content\/uploads\/2025\/10\/japamala-1124-1.jpeg?resize=350%2C200&ssl=1","width":350,"height":200,"srcset":"https:\/\/i0.wp.com\/japamalaandfriends.com\/wp-content\/uploads\/2025\/10\/japamala-1124-1.jpeg?resize=350%2C200&ssl=1 1x, https:\/\/i0.wp.com\/japamalaandfriends.com\/wp-content\/uploads\/2025\/10\/japamala-1124-1.jpeg?resize=525%2C300&ssl=1 1.5x, https:\/\/i0.wp.com\/japamalaandfriends.com\/wp-content\/uploads\/2025\/10\/japamala-1124-1.jpeg?resize=700%2C400&ssl=1 2x, https:\/\/i0.wp.com\/japamalaandfriends.com\/wp-content\/uploads\/2025\/10\/japamala-1124-1.jpeg?resize=1050%2C600&ssl=1 3x"},"classes":[]},{"id":1712,"url":"https:\/\/japamalaandfriends.com\/ca\/product\/falda-mini-tubo","url_meta":{"origin":9671,"position":2},"title":"Falda Tubo","author":"SandroK","date":"5 de febrer de 2022","format":false,"excerpt":"Falda tubo de punto Roma \u2013 Elegancia local desde Barcelona Descubre nuestra falda con corte tubo de punto Roma, dise\u00f1ada y producida localmente en Barcelona. Su silueta ce\u00f1ida y elegante abraza la figura, ofreciendo un estilo sofisticado que combina a la perfecci\u00f3n con ambientes profesionales o eventos formales. Esta falda\u2026","rel":"","context":"Entrada similar","block_context":{"text":"Entrada similar","link":""},"img":{"alt_text":"","src":"https:\/\/i0.wp.com\/japamalaandfriends.com\/wp-content\/uploads\/2023\/04\/img_9470-scaled.jpeg?resize=350%2C200&ssl=1","width":350,"height":200,"srcset":"https:\/\/i0.wp.com\/japamalaandfriends.com\/wp-content\/uploads\/2023\/04\/img_9470-scaled.jpeg?resize=350%2C200&ssl=1 1x, https:\/\/i0.wp.com\/japamalaandfriends.com\/wp-content\/uploads\/2023\/04\/img_9470-scaled.jpeg?resize=525%2C300&ssl=1 1.5x, https:\/\/i0.wp.com\/japamalaandfriends.com\/wp-content\/uploads\/2023\/04\/img_9470-scaled.jpeg?resize=700%2C400&ssl=1 2x, https:\/\/i0.wp.com\/japamalaandfriends.com\/wp-content\/uploads\/2023\/04\/img_9470-scaled.jpeg?resize=1050%2C600&ssl=1 3x, https:\/\/i0.wp.com\/japamalaandfriends.com\/wp-content\/uploads\/2023\/04\/img_9470-scaled.jpeg?resize=1400%2C800&ssl=1 4x"},"classes":[]},{"id":2793,"url":"https:\/\/japamalaandfriends.com\/ca\/product\/bailarina-midi-manga-larga","url_meta":{"origin":9671,"position":3},"title":"Bailarina midi \u2013 manga larga","author":"SandroK","date":"25 de novembre de 2022","format":false,"excerpt":"Vestido Bailarina Midi de manga larga \u2013 Estilo, Comodidad y Elegancia Japamala Descubre el Vestido Bailarina Midi, probablemente la prenda m\u00e1s ic\u00f3nica de Japamala. Confeccionado en punto de viscosa suave y flexible, este vestido es ideal para cuerpos petite, pero tambi\u00e9n se adapta c\u00f3modamente a otros tipos de silueta. Su\u2026","rel":"","context":"Entrada similar","block_context":{"text":"Entrada similar","link":""},"img":{"alt_text":"sonia la clienta con su vestido bailarina de punto de viscosa en rojo, posando en el patio interior de la tienda en barcelona","src":"https:\/\/i0.wp.com\/japamalaandfriends.com\/wp-content\/uploads\/2022\/11\/img_4910-scaled.jpeg?resize=350%2C200&ssl=1","width":350,"height":200,"srcset":"https:\/\/i0.wp.com\/japamalaandfriends.com\/wp-content\/uploads\/2022\/11\/img_4910-scaled.jpeg?resize=350%2C200&ssl=1 1x, https:\/\/i0.wp.com\/japamalaandfriends.com\/wp-content\/uploads\/2022\/11\/img_4910-scaled.jpeg?resize=525%2C300&ssl=1 1.5x, https:\/\/i0.wp.com\/japamalaandfriends.com\/wp-content\/uploads\/2022\/11\/img_4910-scaled.jpeg?resize=700%2C400&ssl=1 2x, https:\/\/i0.wp.com\/japamalaandfriends.com\/wp-content\/uploads\/2022\/11\/img_4910-scaled.jpeg?resize=1050%2C600&ssl=1 3x, https:\/\/i0.wp.com\/japamalaandfriends.com\/wp-content\/uploads\/2022\/11\/img_4910-scaled.jpeg?resize=1400%2C800&ssl=1 4x"},"classes":[]},{"id":9638,"url":"https:\/\/japamalaandfriends.com\/ca\/product\/falda-city-twill","url_meta":{"origin":9671,"position":4},"title":"Falda City twill","author":"SandroK","date":"23 d'octubre de 2025","format":false,"excerpt":"Falda City Twill \u2013 Vers\u00e1til y c\u00f3moda Descubre la falda City twill, confeccionada con un tejido innovador que combina lino y elastano, ofreciendo estructura, suavidad y elasticidad. Esta prenda es ideal para cualquier temporada: fresca para el verano y perfecta con medias o calcetines altos en invierno. u dise\u00f1o atemporal\u2026","rel":"","context":"Entrada similar","block_context":{"text":"Entrada similar","link":""},"img":{"alt_text":"","src":"https:\/\/i0.wp.com\/japamalaandfriends.com\/wp-content\/uploads\/2025\/10\/img_8270.jpeg?resize=350%2C200&ssl=1","width":350,"height":200,"srcset":"https:\/\/i0.wp.com\/japamalaandfriends.com\/wp-content\/uploads\/2025\/10\/img_8270.jpeg?resize=350%2C200&ssl=1 1x, https:\/\/i0.wp.com\/japamalaandfriends.com\/wp-content\/uploads\/2025\/10\/img_8270.jpeg?resize=525%2C300&ssl=1 1.5x, https:\/\/i0.wp.com\/japamalaandfriends.com\/wp-content\/uploads\/2025\/10\/img_8270.jpeg?resize=700%2C400&ssl=1 2x, https:\/\/i0.wp.com\/japamalaandfriends.com\/wp-content\/uploads\/2025\/10\/img_8270.jpeg?resize=1050%2C600&ssl=1 3x"},"classes":[]},{"id":1909,"url":"https:\/\/japamalaandfriends.com\/ca\/product\/vestido-bailarina-mangas-largas","url_meta":{"origin":9671,"position":5},"title":"Vestido Bailarina corto \u2013 m\/larga","author":"SandroK","date":"8 d'abril de 2022","format":false,"excerpt":"Vestido Bailarina Manga Larga \u2013 Cl\u00e1sico y elegante Descubre el Vestido Bailarina de Japamala, un cl\u00e1sico que no puede faltar en tu armario. Confeccionado en punto de viscosa, este vestido de manga larga est\u00e1 dise\u00f1o ideal para cuerpos petite, ofreciendo comodidad, estilo y un ajuste favorecedor. Su costura debajo del\u2026","rel":"","context":"Entrada similar","block_context":{"text":"Entrada similar","link":""},"img":{"alt_text":"clienta de japamala luciendo el vestido bailarina con mangas largas , en color verde. En el exterior de la tienda, en el barrio de Gracia , Barcelona.","src":"https:\/\/i0.wp.com\/japamalaandfriends.com\/wp-content\/uploads\/2022\/04\/fb71c8fc-5ec4-451b-91de-70e6dd5c6821-scaled.png?resize=350%2C200&ssl=1","width":350,"height":200,"srcset":"https:\/\/i0.wp.com\/japamalaandfriends.com\/wp-content\/uploads\/2022\/04\/fb71c8fc-5ec4-451b-91de-70e6dd5c6821-scaled.png?resize=350%2C200&ssl=1 1x, https:\/\/i0.wp.com\/japamalaandfriends.com\/wp-content\/uploads\/2022\/04\/fb71c8fc-5ec4-451b-91de-70e6dd5c6821-scaled.png?resize=525%2C300&ssl=1 1.5x, https:\/\/i0.wp.com\/japamalaandfriends.com\/wp-content\/uploads\/2022\/04\/fb71c8fc-5ec4-451b-91de-70e6dd5c6821-scaled.png?resize=700%2C400&ssl=1 2x, https:\/\/i0.wp.com\/japamalaandfriends.com\/wp-content\/uploads\/2022\/04\/fb71c8fc-5ec4-451b-91de-70e6dd5c6821-scaled.png?resize=1050%2C600&ssl=1 3x, https:\/\/i0.wp.com\/japamalaandfriends.com\/wp-content\/uploads\/2022\/04\/fb71c8fc-5ec4-451b-91de-70e6dd5c6821-scaled.png?resize=1400%2C800&ssl=1 4x"},"classes":[]}],"jetpack_sharing_enabled":true,"_links":{"self":[{"href":"https:\/\/japamalaandfriends.com\/ca\/wp-json\/wp\/v2\/product\/9671","targetHints":{"allow":["GET"]}}],"collection":[{"href":"https:\/\/japamalaandfriends.com\/ca\/wp-json\/wp\/v2\/product"}],"about":[{"href":"https:\/\/japamalaandfriends.com\/ca\/wp-json\/wp\/v2\/types\/product"}],"wp:featuredmedia":[{"embeddable":true,"href":"https:\/\/japamalaandfriends.com\/ca\/wp-json\/wp\/v2\/media\/9703"}],"wp:attachment":[{"href":"https:\/\/japamalaandfriends.com\/ca\/wp-json\/wp\/v2\/media?parent=9671"}],"wp:term":[{"taxonomy":"product_brand","embeddable":true,"href":"https:\/\/japamalaandfriends.com\/ca\/wp-json\/wp\/v2\/product_brand?post=9671"},{"taxonomy":"product_cat","embeddable":true,"href":"https:\/\/japamalaandfriends.com\/ca\/wp-json\/wp\/v2\/product_cat?post=9671"},{"taxonomy":"product_tag","embeddable":true,"href":"https:\/\/japamalaandfriends.com\/ca\/wp-json\/wp\/v2\/product_tag?post=9671"}],"curies":[{"name":"wp","href":"https:\/\/api.w.org\/{rel}","templated":true}]}}